{"id":3669,"date":"2017-12-29T15:23:03","date_gmt":"2017-12-29T14:23:03","guid":{"rendered":"http:\/\/www.kirche-sdh.de\/side\/?page_id=3669"},"modified":"2023-10-07T16:47:31","modified_gmt":"2023-10-07T14:47:31","slug":"pfarrei-schoenthal","status":"publish","type":"page","link":"https:\/\/www.kirche-sdh.de\/side\/pfarrei-schoenthal\/","title":{"rendered":"Pfarrei Sch\u00f6nthal \/ St. Michael"},"content":{"rendered":"<h3>Die Pfarrgemeinde Sch\u00f6nthal<\/h3>\n<p><img loading=\"lazy\" decoding=\"async\" width=\"1600\" height=\"2400\" class=\"size-full wp-image-4314 alignright\" alt=\"\" src=\"http:\/\/www.kirche-sdh.de\/side\/wp-content\/uploads\/2018\/03\/IMG_9661.jpg\" srcset=\"https:\/\/www.kirche-sdh.de\/side\/wp-content\/uploads\/2018\/03\/IMG_9661.jpg 1600w, https:\/\/www.kirche-sdh.de\/side\/wp-content\/uploads\/2018\/03\/IMG_9661-200x300.jpg 200w, https:\/\/www.kirche-sdh.de\/side\/wp-content\/uploads\/2018\/03\/IMG_9661-768x1152.jpg 768w, https:\/\/www.kirche-sdh.de\/side\/wp-content\/uploads\/2018\/03\/IMG_9661-683x1024.jpg 683w\" sizes=\"auto, (max-width: 1600px) 100vw, 1600px\" \/><\/p>\n<p>Sch\u00f6nthal hat eine lange und reiche Klostergeschichte, die heute nur noch erahnt werden kann. Das Kloster Sch\u00f6nthal wurde um 1250 von Wilhelmiten gegr\u00fcndet, die sich nach und nach von Eremiten zu Seelsorgern wandelten. 1263 wurden sie in Augustiner-Eremiten umbenannt. Es folgte eine wechselvolle Zeit des Klosters, bis es 1802 durch die S\u00e4kularisation aufgel\u00f6st wurde. Ein ausf\u00fchrlicher Kirchenf\u00fchrer mit der Geschichte des Klosters ist in der Pfarrkirche erh\u00e4ltlich.<\/p>\n<p><img loading=\"lazy\" decoding=\"async\" width=\"432\" height=\"325\" class=\" wp-image-3879 alignright\" alt=\"\" src=\"http:\/\/www.kirche-sdh.de\/side\/wp-content\/uploads\/2018\/01\/kirche_taufstein.jpg\" srcset=\"https:\/\/www.kirche-sdh.de\/side\/wp-content\/uploads\/2018\/01\/kirche_taufstein.jpg 447w, https:\/\/www.kirche-sdh.de\/side\/wp-content\/uploads\/2018\/01\/kirche_taufstein-300x226.jpg 300w\" sizes=\"auto, (max-width: 432px) 100vw, 432px\" \/><\/p>\n<p>Die Pfarrei Sch\u00f6nthal<img loading=\"lazy\" decoding=\"async\" width=\"470\" height=\"313\" class=\"alignnone wp-image-4316\" alt=\"\" src=\"http:\/\/www.kirche-sdh.de\/side\/wp-content\/uploads\/2018\/03\/IF8G2724.jpg\" srcset=\"https:\/\/www.kirche-sdh.de\/side\/wp-content\/uploads\/2018\/03\/IF8G2724.jpg 2400w, https:\/\/www.kirche-sdh.de\/side\/wp-content\/uploads\/2018\/03\/IF8G2724-300x200.jpg 300w, https:\/\/www.kirche-sdh.de\/side\/wp-content\/uploads\/2018\/03\/IF8G2724-768x512.jpg 768w, https:\/\/www.kirche-sdh.de\/side\/wp-content\/uploads\/2018\/03\/IF8G2724-1024x683.jpg 1024w, https:\/\/www.kirche-sdh.de\/side\/wp-content\/uploads\/2018\/03\/IF8G2724-360x240.jpg 360w\" sizes=\"auto, (max-width: 470px) 100vw, 470px\" \/><img loading=\"lazy\" decoding=\"async\" width=\"578\" height=\"385\" class=\" wp-image-9932 alignright\" alt=\"\" src=\"https:\/\/www.kirche-sdh.de\/side\/wp-content\/uploads\/2019\/12\/IF8G3947.jpg\" srcset=\"https:\/\/www.kirche-sdh.de\/side\/wp-content\/uploads\/2019\/12\/IF8G3947.jpg 4320w, https:\/\/www.kirche-sdh.de\/side\/wp-content\/uploads\/2019\/12\/IF8G3947-300x200.jpg 300w, https:\/\/www.kirche-sdh.de\/side\/wp-content\/uploads\/2019\/12\/IF8G3947-768x512.jpg 768w, https:\/\/www.kirche-sdh.de\/side\/wp-content\/uploads\/2019\/12\/IF8G3947-1024x683.jpg 1024w, https:\/\/www.kirche-sdh.de\/side\/wp-content\/uploads\/2019\/12\/IF8G3947-360x240.jpg 360w\" sizes=\"auto, (max-width: 578px) 100vw, 578px\" \/><\/p>\n<p>geh\u00f6rt zur Seelsorgeeinheit Sch\u00f6nthal-D\u00f6fering-Hiltersried, zum Dekanat Cham und zur\u00a0Di\u00f6zese Regensburg.<\/p>\n<p><img loading=\"lazy\" decoding=\"async\" width=\"411\" height=\"617\" class=\"wp-image-9933 alignleft\" alt=\"\" src=\"https:\/\/www.kirche-sdh.de\/side\/wp-content\/uploads\/2019\/12\/IF8G3996-e1577008207195.jpg\" srcset=\"https:\/\/www.kirche-sdh.de\/side\/wp-content\/uploads\/2019\/12\/IF8G3996-e1577008207195.jpg 2880w, https:\/\/www.kirche-sdh.de\/side\/wp-content\/uploads\/2019\/12\/IF8G3996-e1577008207195-200x300.jpg 200w, https:\/\/www.kirche-sdh.de\/side\/wp-content\/uploads\/2019\/12\/IF8G3996-e1577008207195-768x1152.jpg 768w, https:\/\/www.kirche-sdh.de\/side\/wp-content\/uploads\/2019\/12\/IF8G3996-e1577008207195-683x1024.jpg 683w\" sizes=\"auto, (max-width: 411px) 100vw, 411px\" \/><\/p>\n<p>Anzahl der Katholiken: 836<\/p>\n<p>&nbsp;<\/p>\n<p>&nbsp;<\/p>\n<p>&nbsp;<\/p>\n<p>&nbsp;<\/p>\n<p>&nbsp;<\/p>\n<p>&nbsp;<\/p>\n<p>&nbsp;<\/p>\n<p>&nbsp;<\/p>\n<p>&nbsp;<\/p>\n<p>&nbsp;<\/p>\n<p>&nbsp;<\/p>\n<p>&nbsp;<\/p>\n<p>&nbsp;<\/p>\n<p>&nbsp;<\/p>\n<p>&nbsp;<\/p>\n<p>&nbsp;<\/p>\n<p>Der Gro\u00dfteil der Klostergeb\u00e4ude befindet sich heute in Privatbesitz. Der Fl\u00fcgel, der sich direkt an die Kirche anschlie\u00dft, wurde in ein Pfarr- und Jugendheim<\/p>\n<p><img loading=\"lazy\" decoding=\"async\" width=\"2400\" height=\"1600\" class=\"alignnone size-full wp-image-4317\" alt=\"\" src=\"http:\/\/www.kirche-sdh.de\/side\/wp-content\/uploads\/2018\/03\/IMG_9804.jpg\" srcset=\"https:\/\/www.kirche-sdh.de\/side\/wp-content\/uploads\/2018\/03\/IMG_9804.jpg 2400w, https:\/\/www.kirche-sdh.de\/side\/wp-content\/uploads\/2018\/03\/IMG_9804-300x200.jpg 300w, https:\/\/www.kirche-sdh.de\/side\/wp-content\/uploads\/2018\/03\/IMG_9804-768x512.jpg 768w, https:\/\/www.kirche-sdh.de\/side\/wp-content\/uploads\/2018\/03\/IMG_9804-1024x683.jpg 1024w, https:\/\/www.kirche-sdh.de\/side\/wp-content\/uploads\/2018\/03\/IMG_9804-360x240.jpg 360w\" sizes=\"auto, (max-width: 2400px) 100vw, 2400px\" \/><\/p>\n<p>umgebaut. Der Augustinersaal erinnert an die ehemalige Klosterm\u00f6nche und wird f\u00fcr verschiedenste Veranstaltungen verwendet. Neben der umfangreichen Pfarrb\u00fccherei nutzen verschiedene Gruppen wie z. B. die Eltern-Kind-Gruppe oder die KLJB regelm\u00e4\u00dfig R\u00e4ume des Pfarr- und Jugendheims.<\/p>\n<p>&nbsp;<\/p>\n<p>Der Pfarrhof neben der Pfarrkirche wurde 2006 eingeweiht. Darin befindet sich auch das Pfarrb\u00fcro.<img loading=\"lazy\" decoding=\"async\" width=\"5184\" height=\"3456\" class=\"alignright wp-image-9930 size-full\" alt=\"\" src=\"https:\/\/www.kirche-sdh.de\/side\/wp-content\/uploads\/2019\/12\/IMG_9654.jpg\" srcset=\"https:\/\/www.kirche-sdh.de\/side\/wp-content\/uploads\/2019\/12\/IMG_9654.jpg 5184w, https:\/\/www.kirche-sdh.de\/side\/wp-content\/uploads\/2019\/12\/IMG_9654-300x200.jpg 300w, https:\/\/www.kirche-sdh.de\/side\/wp-content\/uploads\/2019\/12\/IMG_9654-768x512.jpg 768w, https:\/\/www.kirche-sdh.de\/side\/wp-content\/uploads\/2019\/12\/IMG_9654-1024x683.jpg 1024w, https:\/\/www.kirche-sdh.de\/side\/wp-content\/uploads\/2019\/12\/IMG_9654-360x240.jpg 360w\" sizes=\"auto, (max-width: 5184px) 100vw, 5184px\" \/><\/p>\n","protected":false},"excerpt":{"rendered":"<p>Die Pfarrgemeinde Sch\u00f6nthal Sch\u00f6nthal hat eine lange und reiche Klostergeschichte, die heute nur noch erahnt werden kann. Das Kloster Sch\u00f6nthal wurde um 1250 von Wilhelmiten gegr\u00fcndet, die sich nach und nach von Eremiten zu Seelsorgern wandelten. 1263 wurden sie in Augustiner-Eremiten umbenannt. Es folgte eine wechselvolle Zeit des Klosters, bis [&hellip;]<\/p>\n","protected":false},"author":1,"featured_media":4325,"parent":0,"menu_order":0,"comment_status":"closed","ping_status":"closed","template":"","meta":{"footnotes":""},"class_list":["post-3669","page","type-page","status-publish","has-post-thumbnail","hentry"],"yoast_head":"<!-- This site is optimized with the Yoast SEO plugin v27.4 - https:\/\/yoast.com\/product\/yoast-seo-wordpress\/ -->\n<title>Pfarrei Sch\u00f6nthal \/ St. Michael - Informationsseite und Seelsorgeeinheit<\/title>\n<meta name=\"robots\" content=\"index, follow, max-snippet:-1, max-image-preview:large, max-video-preview:-1\" \/>\n<link rel=\"canonical\" href=\"https:\/\/www.kirche-sdh.de\/side\/pfarrei-schoenthal\/\" \/>\n<meta property=\"og:locale\" content=\"de_DE\" \/>\n<meta property=\"og:type\" content=\"article\" \/>\n<meta property=\"og:title\" content=\"Pfarrei Sch\u00f6nthal \/ St. Michael - Informationsseite und Seelsorgeeinheit\" \/>\n<meta property=\"og:description\" content=\"Die Pfarrgemeinde Sch\u00f6nthal Sch\u00f6nthal hat eine lange und reiche Klostergeschichte, die heute nur noch erahnt werden kann. Das Kloster Sch\u00f6nthal wurde um 1250 von Wilhelmiten gegr\u00fcndet, die sich nach und nach von Eremiten zu Seelsorgern wandelten. 1263 wurden sie in Augustiner-Eremiten umbenannt. Es folgte eine wechselvolle Zeit des Klosters, bis [&hellip;]\" \/>\n<meta property=\"og:url\" content=\"https:\/\/www.kirche-sdh.de\/side\/pfarrei-schoenthal\/\" \/>\n<meta property=\"og:site_name\" content=\"Informationsseite und Seelsorgeeinheit\" \/>\n<meta property=\"article:modified_time\" content=\"2023-10-07T14:47:31+00:00\" \/>\n<meta property=\"og:image\" content=\"https:\/\/www.kirche-sdh.de\/side\/wp-content\/uploads\/2018\/03\/IF8G3995.jpg\" \/>\n\t<meta property=\"og:image:width\" content=\"1600\" \/>\n\t<meta property=\"og:image:height\" content=\"2400\" \/>\n\t<meta property=\"og:image:type\" content=\"image\/jpeg\" \/>\n<meta name=\"twitter:card\" content=\"summary_large_image\" \/>\n<meta name=\"twitter:label1\" content=\"Gesch\u00e4tzte Lesezeit\" \/>\n\t<meta name=\"twitter:data1\" content=\"1\u00a0Minute\" \/>\n<script type=\"application\/ld+json\" class=\"yoast-schema-graph\">{\"@context\":\"https:\\\/\\\/schema.org\",\"@graph\":[{\"@type\":\"WebPage\",\"@id\":\"https:\\\/\\\/www.kirche-sdh.de\\\/side\\\/pfarrei-schoenthal\\\/\",\"url\":\"https:\\\/\\\/www.kirche-sdh.de\\\/side\\\/pfarrei-schoenthal\\\/\",\"name\":\"Pfarrei Sch\u00f6nthal \\\/ St. Michael - Informationsseite und Seelsorgeeinheit\",\"isPartOf\":{\"@id\":\"https:\\\/\\\/www.kirche-sdh.de\\\/side\\\/#website\"},\"primaryImageOfPage\":{\"@id\":\"https:\\\/\\\/www.kirche-sdh.de\\\/side\\\/pfarrei-schoenthal\\\/#primaryimage\"},\"image\":{\"@id\":\"https:\\\/\\\/www.kirche-sdh.de\\\/side\\\/pfarrei-schoenthal\\\/#primaryimage\"},\"thumbnailUrl\":\"https:\\\/\\\/www.kirche-sdh.de\\\/side\\\/wp-content\\\/uploads\\\/2018\\\/03\\\/IF8G3995.jpg\",\"datePublished\":\"2017-12-29T14:23:03+00:00\",\"dateModified\":\"2023-10-07T14:47:31+00:00\",\"breadcrumb\":{\"@id\":\"https:\\\/\\\/www.kirche-sdh.de\\\/side\\\/pfarrei-schoenthal\\\/#breadcrumb\"},\"inLanguage\":\"de\",\"potentialAction\":[{\"@type\":\"ReadAction\",\"target\":[\"https:\\\/\\\/www.kirche-sdh.de\\\/side\\\/pfarrei-schoenthal\\\/\"]}]},{\"@type\":\"ImageObject\",\"inLanguage\":\"de\",\"@id\":\"https:\\\/\\\/www.kirche-sdh.de\\\/side\\\/pfarrei-schoenthal\\\/#primaryimage\",\"url\":\"https:\\\/\\\/www.kirche-sdh.de\\\/side\\\/wp-content\\\/uploads\\\/2018\\\/03\\\/IF8G3995.jpg\",\"contentUrl\":\"https:\\\/\\\/www.kirche-sdh.de\\\/side\\\/wp-content\\\/uploads\\\/2018\\\/03\\\/IF8G3995.jpg\",\"width\":1600,\"height\":2400},{\"@type\":\"BreadcrumbList\",\"@id\":\"https:\\\/\\\/www.kirche-sdh.de\\\/side\\\/pfarrei-schoenthal\\\/#breadcrumb\",\"itemListElement\":[{\"@type\":\"ListItem\",\"position\":1,\"name\":\"Startseite\",\"item\":\"https:\\\/\\\/www.kirche-sdh.de\\\/side\\\/\"},{\"@type\":\"ListItem\",\"position\":2,\"name\":\"Pfarrei Sch\u00f6nthal \\\/ St. Michael\"}]},{\"@type\":\"WebSite\",\"@id\":\"https:\\\/\\\/www.kirche-sdh.de\\\/side\\\/#website\",\"url\":\"https:\\\/\\\/www.kirche-sdh.de\\\/side\\\/\",\"name\":\"Informationsseite und Seelsorgeeinheit\",\"description\":\"Informationsseite und Seelsorgeeinheit\",\"publisher\":{\"@id\":\"https:\\\/\\\/www.kirche-sdh.de\\\/side\\\/#organization\"},\"potentialAction\":[{\"@type\":\"SearchAction\",\"target\":{\"@type\":\"EntryPoint\",\"urlTemplate\":\"https:\\\/\\\/www.kirche-sdh.de\\\/side\\\/?s={search_term_string}\"},\"query-input\":{\"@type\":\"PropertyValueSpecification\",\"valueRequired\":true,\"valueName\":\"search_term_string\"}}],\"inLanguage\":\"de\"},{\"@type\":\"Organization\",\"@id\":\"https:\\\/\\\/www.kirche-sdh.de\\\/side\\\/#organization\",\"name\":\"Informationsseite und Seelsorgeeinheit\",\"url\":\"https:\\\/\\\/www.kirche-sdh.de\\\/side\\\/\",\"logo\":{\"@type\":\"ImageObject\",\"inLanguage\":\"de\",\"@id\":\"https:\\\/\\\/www.kirche-sdh.de\\\/side\\\/#\\\/schema\\\/logo\\\/image\\\/\",\"url\":\"https:\\\/\\\/www.kirche-sdh.de\\\/side\\\/wp-content\\\/uploads\\\/2017\\\/12\\\/kirche-logos.png\",\"contentUrl\":\"https:\\\/\\\/www.kirche-sdh.de\\\/side\\\/wp-content\\\/uploads\\\/2017\\\/12\\\/kirche-logos.png\",\"width\":438,\"height\":191,\"caption\":\"Informationsseite und Seelsorgeeinheit\"},\"image\":{\"@id\":\"https:\\\/\\\/www.kirche-sdh.de\\\/side\\\/#\\\/schema\\\/logo\\\/image\\\/\"}}]}<\/script>\n<!-- \/ Yoast SEO plugin. -->","yoast_head_json":{"title":"Pfarrei Sch\u00f6nthal \/ St. Michael - Informationsseite und Seelsorgeeinheit","robots":{"index":"index","follow":"follow","max-snippet":"max-snippet:-1","max-image-preview":"max-image-preview:large","max-video-preview":"max-video-preview:-1"},"canonical":"https:\/\/www.kirche-sdh.de\/side\/pfarrei-schoenthal\/","og_locale":"de_DE","og_type":"article","og_title":"Pfarrei Sch\u00f6nthal \/ St. Michael - Informationsseite und Seelsorgeeinheit","og_description":"Die Pfarrgemeinde Sch\u00f6nthal Sch\u00f6nthal hat eine lange und reiche Klostergeschichte, die heute nur noch erahnt werden kann. Das Kloster Sch\u00f6nthal wurde um 1250 von Wilhelmiten gegr\u00fcndet, die sich nach und nach von Eremiten zu Seelsorgern wandelten. 1263 wurden sie in Augustiner-Eremiten umbenannt. Es folgte eine wechselvolle Zeit des Klosters, bis [&hellip;]","og_url":"https:\/\/www.kirche-sdh.de\/side\/pfarrei-schoenthal\/","og_site_name":"Informationsseite und Seelsorgeeinheit","article_modified_time":"2023-10-07T14:47:31+00:00","og_image":[{"width":1600,"height":2400,"url":"https:\/\/www.kirche-sdh.de\/side\/wp-content\/uploads\/2018\/03\/IF8G3995.jpg","type":"image\/jpeg"}],"twitter_card":"summary_large_image","twitter_misc":{"Gesch\u00e4tzte Lesezeit":"1\u00a0Minute"},"schema":{"@context":"https:\/\/schema.org","@graph":[{"@type":"WebPage","@id":"https:\/\/www.kirche-sdh.de\/side\/pfarrei-schoenthal\/","url":"https:\/\/www.kirche-sdh.de\/side\/pfarrei-schoenthal\/","name":"Pfarrei Sch\u00f6nthal \/ St. Michael - Informationsseite und Seelsorgeeinheit","isPartOf":{"@id":"https:\/\/www.kirche-sdh.de\/side\/#website"},"primaryImageOfPage":{"@id":"https:\/\/www.kirche-sdh.de\/side\/pfarrei-schoenthal\/#primaryimage"},"image":{"@id":"https:\/\/www.kirche-sdh.de\/side\/pfarrei-schoenthal\/#primaryimage"},"thumbnailUrl":"https:\/\/www.kirche-sdh.de\/side\/wp-content\/uploads\/2018\/03\/IF8G3995.jpg","datePublished":"2017-12-29T14:23:03+00:00","dateModified":"2023-10-07T14:47:31+00:00","breadcrumb":{"@id":"https:\/\/www.kirche-sdh.de\/side\/pfarrei-schoenthal\/#breadcrumb"},"inLanguage":"de","potentialAction":[{"@type":"ReadAction","target":["https:\/\/www.kirche-sdh.de\/side\/pfarrei-schoenthal\/"]}]},{"@type":"ImageObject","inLanguage":"de","@id":"https:\/\/www.kirche-sdh.de\/side\/pfarrei-schoenthal\/#primaryimage","url":"https:\/\/www.kirche-sdh.de\/side\/wp-content\/uploads\/2018\/03\/IF8G3995.jpg","contentUrl":"https:\/\/www.kirche-sdh.de\/side\/wp-content\/uploads\/2018\/03\/IF8G3995.jpg","width":1600,"height":2400},{"@type":"BreadcrumbList","@id":"https:\/\/www.kirche-sdh.de\/side\/pfarrei-schoenthal\/#breadcrumb","itemListElement":[{"@type":"ListItem","position":1,"name":"Startseite","item":"https:\/\/www.kirche-sdh.de\/side\/"},{"@type":"ListItem","position":2,"name":"Pfarrei Sch\u00f6nthal \/ St. Michael"}]},{"@type":"WebSite","@id":"https:\/\/www.kirche-sdh.de\/side\/#website","url":"https:\/\/www.kirche-sdh.de\/side\/","name":"Informationsseite und Seelsorgeeinheit","description":"Informationsseite und Seelsorgeeinheit","publisher":{"@id":"https:\/\/www.kirche-sdh.de\/side\/#organization"},"potentialAction":[{"@type":"SearchAction","target":{"@type":"EntryPoint","urlTemplate":"https:\/\/www.kirche-sdh.de\/side\/?s={search_term_string}"},"query-input":{"@type":"PropertyValueSpecification","valueRequired":true,"valueName":"search_term_string"}}],"inLanguage":"de"},{"@type":"Organization","@id":"https:\/\/www.kirche-sdh.de\/side\/#organization","name":"Informationsseite und Seelsorgeeinheit","url":"https:\/\/www.kirche-sdh.de\/side\/","logo":{"@type":"ImageObject","inLanguage":"de","@id":"https:\/\/www.kirche-sdh.de\/side\/#\/schema\/logo\/image\/","url":"https:\/\/www.kirche-sdh.de\/side\/wp-content\/uploads\/2017\/12\/kirche-logos.png","contentUrl":"https:\/\/www.kirche-sdh.de\/side\/wp-content\/uploads\/2017\/12\/kirche-logos.png","width":438,"height":191,"caption":"Informationsseite und Seelsorgeeinheit"},"image":{"@id":"https:\/\/www.kirche-sdh.de\/side\/#\/schema\/logo\/image\/"}}]}},"_links":{"self":[{"href":"https:\/\/www.kirche-sdh.de\/side\/wp-json\/wp\/v2\/pages\/3669","targetHints":{"allow":["GET"]}}],"collection":[{"href":"https:\/\/www.kirche-sdh.de\/side\/wp-json\/wp\/v2\/pages"}],"about":[{"href":"https:\/\/www.kirche-sdh.de\/side\/wp-json\/wp\/v2\/types\/page"}],"author":[{"embeddable":true,"href":"https:\/\/www.kirche-sdh.de\/side\/wp-json\/wp\/v2\/users\/1"}],"replies":[{"embeddable":true,"href":"https:\/\/www.kirche-sdh.de\/side\/wp-json\/wp\/v2\/comments?post=3669"}],"version-history":[{"count":0,"href":"https:\/\/www.kirche-sdh.de\/side\/wp-json\/wp\/v2\/pages\/3669\/revisions"}],"wp:featuredmedia":[{"embeddable":true,"href":"https:\/\/www.kirche-sdh.de\/side\/wp-json\/wp\/v2\/media\/4325"}],"wp:attachment":[{"href":"https:\/\/www.kirche-sdh.de\/side\/wp-json\/wp\/v2\/media?parent=3669"}],"curies":[{"name":"wp","href":"https:\/\/api.w.org\/{rel}","templated":true}]}}