{"id":3632,"date":"2017-12-29T15:12:43","date_gmt":"2017-12-29T14:12:43","guid":{"rendered":"http:\/\/www.kirche-sdh.de\/side\/?page_id=3632"},"modified":"2023-10-07T16:46:32","modified_gmt":"2023-10-07T14:46:32","slug":"ortsgruppen-2","status":"publish","type":"page","link":"https:\/\/www.kirche-sdh.de\/side\/ortsgruppen-2\/","title":{"rendered":"Ortsgruppen D\u00f6fering"},"content":{"rendered":"<h2>KLB D\u00f6fering<\/h2>\n<p><img loading=\"lazy\" decoding=\"async\" width=\"586\" height=\"439\" alt=\"\" src=\"http:\/\/www.kirche-sdh.de\/side\/wp-content\/uploads\/2018\/01\/klb-vorstandschaft-2012.jpg\" \/><\/p>\n<p>Die Vorstandschaft der KLB wird durch ein gleichberechtigtes Team vertreten, wobei auf die Position des 1. m\u00e4nnlichen und weiblichen Vorstandes verzichtet wurde.<\/p>\n<p><b>Die Vorstandschaft:<\/b><\/p>\n<p>Kumschier Rita, Schr\u00f6pfer Verena, Gro\u00df Angelika, Ruhland Sybille, Schneider Andrea, Kiener- Schneider Andrea, Meier Elisabeth<br \/>\nBei der KLB D\u00f6fering ist das ganze Jahr \u00fcber immer etwas geboten. Bei der Vielzahl von Veranstaltungen ist sicher f\u00fcr jung und alt etwas dabei.<\/p>\n<p><em>Termine werden wie \u00fcblich immer aktuell in der Presse bekannt gegeben oder auf Anfrage bei:\u00a0<\/em><em>Rita Kumschier Tel. 09978\/801603<\/em><\/p>\n<p>Hier die Termine f\u00fcr 2019\/2020:<\/p>\n<p>ab 1. Advent\u00a0\u00a0\u00a0\u00a0\u00a0\u00a0\u00a0\u00a0 \u00a0\u00a0<strong>Frauentragen<\/strong> im Advent (Listen daf\u00fcr liegen in der Kirche aus)<\/p>\n<p>Do. 26. Dez. 2019 \u00a0 traditionelle <strong>Waldweihnacht<\/strong> am Hussenbierl um 19 Uhr<\/p>\n<p>Mi. 15. Jan. 2020\u00a0\u00a0\u00a0\u00a0 <strong>Betriebsbesichtigung<\/strong> in einem bekannten Betrieb in Cham um 13.30 Uhr<\/p>\n<p>Do. 30. Jan. 2020 \u00a0 <strong>Kochkurs \u201eBella Italia\u201c<\/strong> im Pfarr- u. Jugenheim um 19 Uhr,<\/p>\n<p>mit Christine Blab<\/p>\n<p>Fr. 14. Febr. 2020\u00a0\u00a0 <strong>\u201eLieblings-Essen\u201c <\/strong>(Mann kocht am liebsten f\u00fcr seine Frau\u2026)<\/p>\n<p>am Valentinstag um 18 Uhr, im Pfarr- u. Jugendheim, mit Anna Jobst<\/p>\n<p>Di. 18. Febr. 2020\u00a0\u00a0 <strong>JHV<\/strong> mit Neuwahlen um 19.30 Uhr, anschlie\u00dfend um ca. 20 Uhr<\/p>\n<p><strong>Vortrag \u201eBienenhaus-Apotheke\u201c <\/strong>mit Corinna Stoiber<\/p>\n<p>N\u00e4here Informationen bzw. Anmeldungen bei Rita Kumschier Tel. 09978\/801603.<\/p>\n<p>Bei der KLB ist immer was los:<\/p>\n<p>Tanzkurs:<\/p>\n<p><img loading=\"lazy\" decoding=\"async\" width=\"750\" height=\"415\" alt=\"\" src=\"http:\/\/www.kirche-sdh.de\/side\/wp-content\/uploads\/2018\/05\/Tanzkurse-1024x566.jpg\" \/><\/p>\n<p>Christbaum aufstellen:<\/p>\n<p><img loading=\"lazy\" decoding=\"async\" width=\"576\" height=\"1024\" alt=\"\" src=\"http:\/\/www.kirche-sdh.de\/side\/wp-content\/uploads\/2018\/05\/Christbaumaufstellen-576x1024.jpg\" \/><\/p>\n<p>Betriebsbesichtigungen:<\/p>\n<p><img loading=\"lazy\" decoding=\"async\" width=\"750\" height=\"1000\" alt=\"\" src=\"http:\/\/www.kirche-sdh.de\/side\/wp-content\/uploads\/2018\/05\/Betriebsbesichtigung-768x1024.jpg\" \/><\/p>\n<p>H\u00e4kelkurs:<\/p>\n<p><img loading=\"lazy\" decoding=\"async\" width=\"750\" height=\"563\" alt=\"\" src=\"http:\/\/www.kirche-sdh.de\/side\/wp-content\/uploads\/2018\/05\/H\u00e4kelkurs-1024x768.jpg\" \/><\/p>\n<p>Interessante Vortr\u00e4ge<\/p>\n<p><img loading=\"lazy\" decoding=\"async\" width=\"750\" height=\"563\" alt=\"\" src=\"http:\/\/www.kirche-sdh.de\/side\/wp-content\/uploads\/2018\/05\/Vortr\u00e4ge-1024x768.jpg\" \/><\/p>\n<p>Zumba Kurs:<\/p>\n<p><img loading=\"lazy\" decoding=\"async\" width=\"750\" height=\"563\" alt=\"\" src=\"http:\/\/www.kirche-sdh.de\/side\/wp-content\/uploads\/2018\/05\/Zumba-Kurs-1024x768.jpg\" \/><\/p>\n<h2><strong>KLJB D\u00f6fering<\/strong><\/h2>\n<p>Am Sonntag den 27.10.2013 kamen die Mitglieder der KLJB-D\u00f6fering im Pfarr-und Jugendheim des Dorfes zusammen, um gemeinsam mit Pfarrer Alfons Eder eine neue Vorstandschaft zu w\u00e4hlen. Die ehemalige Vorstandschaft und f\u00fchrte die Neue in ihr Amt ein, hat sich aber auch bereit erkl\u00e4rt den Neugew\u00e4hlten bei Fragen weiterzuhelfen. Die KLB-Jugend veranstaltet viele Aktionen \u00fcber das ganze Jahr verteilt wie beispielsweise die Betreuung der Kinder beim Warten auf das Christkind, das Johannifeuer und einen Minibrotverkauf an Erntedank. Am 23. November werden au\u00dferdem dieses Jahr von der Jugend selbstgebundene Adventskr\u00e4nze nach dem Gottesdienst verkauft.<\/p>\n<h3><img loading=\"lazy\" decoding=\"async\" width=\"476\" height=\"357\" alt=\"\" src=\"http:\/\/www.kirche-sdh.de\/side\/wp-content\/uploads\/2018\/01\/2013.10.27_vorstandschaft-kljb-ab-2013.jpg\" \/>Die neue Vorstandschaft der KLJB D\u00f6fering<\/h3>\n<p>1. Vorstand, m\u00e4nnlich Simon Decker<br \/>\n1. Vorstand, weiblich Julia Ruhland<br \/>\n2. Vorstand, m\u00e4nnlich Markus Steinwagner<br \/>\n2. Vorstand, weiblich Theresa Maier<\/p>\n<p>Kassier: Johannes Unverzart<br \/>\nSchriftf\u00fchrerin: Lena Dirscherl<\/p>\n<h2><strong>Kirchenchor D\u00f6fering<\/strong><\/h2>\n<p>Der Kirchenchor D\u00f6fering unter der Leitung von Barbara Zwicknagl singt seit \u00fcber 25 Jahren mit rund 20 Leuten, die fast ausschlie\u00dflich aus der Pfarrei D\u00f6fering stammen. Er singt gr\u00f6\u00dftenteils in Gottesdiensten und auf Hochzeiten aber auch gerne nur zum Spa\u00df. Das Programm besteht aus Neuem geistlichen Lied und Lateinischen Messen a Kapella, mit Orgel oder Bl\u00e4serbegleitung, Gospels oder sonstigen St\u00fccken. Er beteiligt sich gerne an Chortagen und gestaltet auch manchmal ein Konzert. <img loading=\"lazy\" decoding=\"async\" width=\"750\" height=\"500\" alt=\"\" src=\"https:\/\/www.kirche-sdh.de\/side\/wp-content\/uploads\/2019\/12\/2018-06-23-Kirchliche-Trauung-Susanne-Michael-in-Furth-im-Wald-021-1024x683.jpg\" \/><\/p>\n<h3><\/h3>\n<p><img loading=\"lazy\" decoding=\"async\" width=\"815\" height=\"462\" alt=\"\" src=\"http:\/\/www.kirche-sdh.de\/side\/wp-content\/uploads\/2018\/01\/Kirchenchor-D\u00f6fering-bei-Primiz-Markus-Daschner-2-1024x579.jpg\" \/><\/p>\n<p>Abb. D\u00f6feriger Kirchenchor bei der Primiz von Markus Daschner am 04.07.2010 beim Gottesdienst<\/p>\n<h3><\/h3>\n","protected":false},"excerpt":{"rendered":"<p>KLB D\u00f6fering Die Vorstandschaft der KLB wird durch ein gleichberechtigtes Team vertreten, wobei auf die Position des 1. m\u00e4nnlichen und weiblichen Vorstandes verzichtet wurde. Die Vorstandschaft: Kumschier Rita, Schr\u00f6pfer Verena, Gro\u00df Angelika, Ruhland Sybille, Schneider Andrea, Kiener- Schneider Andrea, Meier Elisabeth Bei der KLB D\u00f6fering ist das ganze Jahr \u00fcber [&hellip;]<\/p>\n","protected":false},"author":1,"featured_media":0,"parent":0,"menu_order":0,"comment_status":"closed","ping_status":"closed","template":"","meta":{"footnotes":""},"class_list":["post-3632","page","type-page","status-publish","hentry"],"yoast_head":"<!-- This site is optimized with the Yoast SEO plugin v27.4 - https:\/\/yoast.com\/product\/yoast-seo-wordpress\/ -->\n<title>Ortsgruppen D\u00f6fering - Informationsseite und Seelsorgeeinheit<\/title>\n<meta name=\"robots\" content=\"index, follow, max-snippet:-1, max-image-preview:large, max-video-preview:-1\" \/>\n<link rel=\"canonical\" href=\"https:\/\/www.kirche-sdh.de\/side\/ortsgruppen-2\/\" \/>\n<meta property=\"og:locale\" content=\"de_DE\" \/>\n<meta property=\"og:type\" content=\"article\" \/>\n<meta property=\"og:title\" content=\"Ortsgruppen D\u00f6fering - Informationsseite und Seelsorgeeinheit\" \/>\n<meta property=\"og:description\" content=\"KLB D\u00f6fering Die Vorstandschaft der KLB wird durch ein gleichberechtigtes Team vertreten, wobei auf die Position des 1. m\u00e4nnlichen und weiblichen Vorstandes verzichtet wurde. Die Vorstandschaft: Kumschier Rita, Schr\u00f6pfer Verena, Gro\u00df Angelika, Ruhland Sybille, Schneider Andrea, Kiener- Schneider Andrea, Meier Elisabeth Bei der KLB D\u00f6fering ist das ganze Jahr \u00fcber [&hellip;]\" \/>\n<meta property=\"og:url\" content=\"https:\/\/www.kirche-sdh.de\/side\/ortsgruppen-2\/\" \/>\n<meta property=\"og:site_name\" content=\"Informationsseite und Seelsorgeeinheit\" \/>\n<meta property=\"article:modified_time\" content=\"2023-10-07T14:46:32+00:00\" \/>\n<meta property=\"og:image\" content=\"http:\/\/www.kirche-sdh.de\/side\/wp-content\/uploads\/2018\/01\/klb-vorstandschaft-2012.jpg\" \/>\n<meta name=\"twitter:card\" content=\"summary_large_image\" \/>\n<meta name=\"twitter:label1\" content=\"Gesch\u00e4tzte Lesezeit\" \/>\n\t<meta name=\"twitter:data1\" content=\"2\u00a0Minuten\" \/>\n<script type=\"application\/ld+json\" class=\"yoast-schema-graph\">{\"@context\":\"https:\\\/\\\/schema.org\",\"@graph\":[{\"@type\":\"WebPage\",\"@id\":\"https:\\\/\\\/www.kirche-sdh.de\\\/side\\\/ortsgruppen-2\\\/\",\"url\":\"https:\\\/\\\/www.kirche-sdh.de\\\/side\\\/ortsgruppen-2\\\/\",\"name\":\"Ortsgruppen D\u00f6fering - Informationsseite und Seelsorgeeinheit\",\"isPartOf\":{\"@id\":\"https:\\\/\\\/www.kirche-sdh.de\\\/side\\\/#website\"},\"primaryImageOfPage\":{\"@id\":\"https:\\\/\\\/www.kirche-sdh.de\\\/side\\\/ortsgruppen-2\\\/#primaryimage\"},\"image\":{\"@id\":\"https:\\\/\\\/www.kirche-sdh.de\\\/side\\\/ortsgruppen-2\\\/#primaryimage\"},\"thumbnailUrl\":\"http:\\\/\\\/www.kirche-sdh.de\\\/side\\\/wp-content\\\/uploads\\\/2018\\\/01\\\/klb-vorstandschaft-2012.jpg\",\"datePublished\":\"2017-12-29T14:12:43+00:00\",\"dateModified\":\"2023-10-07T14:46:32+00:00\",\"breadcrumb\":{\"@id\":\"https:\\\/\\\/www.kirche-sdh.de\\\/side\\\/ortsgruppen-2\\\/#breadcrumb\"},\"inLanguage\":\"de\",\"potentialAction\":[{\"@type\":\"ReadAction\",\"target\":[\"https:\\\/\\\/www.kirche-sdh.de\\\/side\\\/ortsgruppen-2\\\/\"]}]},{\"@type\":\"ImageObject\",\"inLanguage\":\"de\",\"@id\":\"https:\\\/\\\/www.kirche-sdh.de\\\/side\\\/ortsgruppen-2\\\/#primaryimage\",\"url\":\"https:\\\/\\\/www.kirche-sdh.de\\\/side\\\/wp-content\\\/uploads\\\/2018\\\/01\\\/klb-vorstandschaft-2012.jpg\",\"contentUrl\":\"https:\\\/\\\/www.kirche-sdh.de\\\/side\\\/wp-content\\\/uploads\\\/2018\\\/01\\\/klb-vorstandschaft-2012.jpg\",\"width\":320,\"height\":240},{\"@type\":\"BreadcrumbList\",\"@id\":\"https:\\\/\\\/www.kirche-sdh.de\\\/side\\\/ortsgruppen-2\\\/#breadcrumb\",\"itemListElement\":[{\"@type\":\"ListItem\",\"position\":1,\"name\":\"Startseite\",\"item\":\"https:\\\/\\\/www.kirche-sdh.de\\\/side\\\/\"},{\"@type\":\"ListItem\",\"position\":2,\"name\":\"Ortsgruppen D\u00f6fering\"}]},{\"@type\":\"WebSite\",\"@id\":\"https:\\\/\\\/www.kirche-sdh.de\\\/side\\\/#website\",\"url\":\"https:\\\/\\\/www.kirche-sdh.de\\\/side\\\/\",\"name\":\"Informationsseite und Seelsorgeeinheit\",\"description\":\"Informationsseite und Seelsorgeeinheit\",\"publisher\":{\"@id\":\"https:\\\/\\\/www.kirche-sdh.de\\\/side\\\/#organization\"},\"potentialAction\":[{\"@type\":\"SearchAction\",\"target\":{\"@type\":\"EntryPoint\",\"urlTemplate\":\"https:\\\/\\\/www.kirche-sdh.de\\\/side\\\/?s={search_term_string}\"},\"query-input\":{\"@type\":\"PropertyValueSpecification\",\"valueRequired\":true,\"valueName\":\"search_term_string\"}}],\"inLanguage\":\"de\"},{\"@type\":\"Organization\",\"@id\":\"https:\\\/\\\/www.kirche-sdh.de\\\/side\\\/#organization\",\"name\":\"Informationsseite und Seelsorgeeinheit\",\"url\":\"https:\\\/\\\/www.kirche-sdh.de\\\/side\\\/\",\"logo\":{\"@type\":\"ImageObject\",\"inLanguage\":\"de\",\"@id\":\"https:\\\/\\\/www.kirche-sdh.de\\\/side\\\/#\\\/schema\\\/logo\\\/image\\\/\",\"url\":\"https:\\\/\\\/www.kirche-sdh.de\\\/side\\\/wp-content\\\/uploads\\\/2017\\\/12\\\/kirche-logos.png\",\"contentUrl\":\"https:\\\/\\\/www.kirche-sdh.de\\\/side\\\/wp-content\\\/uploads\\\/2017\\\/12\\\/kirche-logos.png\",\"width\":438,\"height\":191,\"caption\":\"Informationsseite und Seelsorgeeinheit\"},\"image\":{\"@id\":\"https:\\\/\\\/www.kirche-sdh.de\\\/side\\\/#\\\/schema\\\/logo\\\/image\\\/\"}}]}<\/script>\n<!-- \/ Yoast SEO plugin. -->","yoast_head_json":{"title":"Ortsgruppen D\u00f6fering - Informationsseite und Seelsorgeeinheit","robots":{"index":"index","follow":"follow","max-snippet":"max-snippet:-1","max-image-preview":"max-image-preview:large","max-video-preview":"max-video-preview:-1"},"canonical":"https:\/\/www.kirche-sdh.de\/side\/ortsgruppen-2\/","og_locale":"de_DE","og_type":"article","og_title":"Ortsgruppen D\u00f6fering - Informationsseite und Seelsorgeeinheit","og_description":"KLB D\u00f6fering Die Vorstandschaft der KLB wird durch ein gleichberechtigtes Team vertreten, wobei auf die Position des 1. m\u00e4nnlichen und weiblichen Vorstandes verzichtet wurde. Die Vorstandschaft: Kumschier Rita, Schr\u00f6pfer Verena, Gro\u00df Angelika, Ruhland Sybille, Schneider Andrea, Kiener- Schneider Andrea, Meier Elisabeth Bei der KLB D\u00f6fering ist das ganze Jahr \u00fcber [&hellip;]","og_url":"https:\/\/www.kirche-sdh.de\/side\/ortsgruppen-2\/","og_site_name":"Informationsseite und Seelsorgeeinheit","article_modified_time":"2023-10-07T14:46:32+00:00","og_image":[{"url":"http:\/\/www.kirche-sdh.de\/side\/wp-content\/uploads\/2018\/01\/klb-vorstandschaft-2012.jpg","type":"","width":"","height":""}],"twitter_card":"summary_large_image","twitter_misc":{"Gesch\u00e4tzte Lesezeit":"2\u00a0Minuten"},"schema":{"@context":"https:\/\/schema.org","@graph":[{"@type":"WebPage","@id":"https:\/\/www.kirche-sdh.de\/side\/ortsgruppen-2\/","url":"https:\/\/www.kirche-sdh.de\/side\/ortsgruppen-2\/","name":"Ortsgruppen D\u00f6fering - Informationsseite und Seelsorgeeinheit","isPartOf":{"@id":"https:\/\/www.kirche-sdh.de\/side\/#website"},"primaryImageOfPage":{"@id":"https:\/\/www.kirche-sdh.de\/side\/ortsgruppen-2\/#primaryimage"},"image":{"@id":"https:\/\/www.kirche-sdh.de\/side\/ortsgruppen-2\/#primaryimage"},"thumbnailUrl":"http:\/\/www.kirche-sdh.de\/side\/wp-content\/uploads\/2018\/01\/klb-vorstandschaft-2012.jpg","datePublished":"2017-12-29T14:12:43+00:00","dateModified":"2023-10-07T14:46:32+00:00","breadcrumb":{"@id":"https:\/\/www.kirche-sdh.de\/side\/ortsgruppen-2\/#breadcrumb"},"inLanguage":"de","potentialAction":[{"@type":"ReadAction","target":["https:\/\/www.kirche-sdh.de\/side\/ortsgruppen-2\/"]}]},{"@type":"ImageObject","inLanguage":"de","@id":"https:\/\/www.kirche-sdh.de\/side\/ortsgruppen-2\/#primaryimage","url":"https:\/\/www.kirche-sdh.de\/side\/wp-content\/uploads\/2018\/01\/klb-vorstandschaft-2012.jpg","contentUrl":"https:\/\/www.kirche-sdh.de\/side\/wp-content\/uploads\/2018\/01\/klb-vorstandschaft-2012.jpg","width":320,"height":240},{"@type":"BreadcrumbList","@id":"https:\/\/www.kirche-sdh.de\/side\/ortsgruppen-2\/#breadcrumb","itemListElement":[{"@type":"ListItem","position":1,"name":"Startseite","item":"https:\/\/www.kirche-sdh.de\/side\/"},{"@type":"ListItem","position":2,"name":"Ortsgruppen D\u00f6fering"}]},{"@type":"WebSite","@id":"https:\/\/www.kirche-sdh.de\/side\/#website","url":"https:\/\/www.kirche-sdh.de\/side\/","name":"Informationsseite und Seelsorgeeinheit","description":"Informationsseite und Seelsorgeeinheit","publisher":{"@id":"https:\/\/www.kirche-sdh.de\/side\/#organization"},"potentialAction":[{"@type":"SearchAction","target":{"@type":"EntryPoint","urlTemplate":"https:\/\/www.kirche-sdh.de\/side\/?s={search_term_string}"},"query-input":{"@type":"PropertyValueSpecification","valueRequired":true,"valueName":"search_term_string"}}],"inLanguage":"de"},{"@type":"Organization","@id":"https:\/\/www.kirche-sdh.de\/side\/#organization","name":"Informationsseite und Seelsorgeeinheit","url":"https:\/\/www.kirche-sdh.de\/side\/","logo":{"@type":"ImageObject","inLanguage":"de","@id":"https:\/\/www.kirche-sdh.de\/side\/#\/schema\/logo\/image\/","url":"https:\/\/www.kirche-sdh.de\/side\/wp-content\/uploads\/2017\/12\/kirche-logos.png","contentUrl":"https:\/\/www.kirche-sdh.de\/side\/wp-content\/uploads\/2017\/12\/kirche-logos.png","width":438,"height":191,"caption":"Informationsseite und Seelsorgeeinheit"},"image":{"@id":"https:\/\/www.kirche-sdh.de\/side\/#\/schema\/logo\/image\/"}}]}},"_links":{"self":[{"href":"https:\/\/www.kirche-sdh.de\/side\/wp-json\/wp\/v2\/pages\/3632","targetHints":{"allow":["GET"]}}],"collection":[{"href":"https:\/\/www.kirche-sdh.de\/side\/wp-json\/wp\/v2\/pages"}],"about":[{"href":"https:\/\/www.kirche-sdh.de\/side\/wp-json\/wp\/v2\/types\/page"}],"author":[{"embeddable":true,"href":"https:\/\/www.kirche-sdh.de\/side\/wp-json\/wp\/v2\/users\/1"}],"replies":[{"embeddable":true,"href":"https:\/\/www.kirche-sdh.de\/side\/wp-json\/wp\/v2\/comments?post=3632"}],"version-history":[{"count":0,"href":"https:\/\/www.kirche-sdh.de\/side\/wp-json\/wp\/v2\/pages\/3632\/revisions"}],"wp:attachment":[{"href":"https:\/\/www.kirche-sdh.de\/side\/wp-json\/wp\/v2\/media?parent=3632"}],"curies":[{"name":"wp","href":"https:\/\/api.w.org\/{rel}","templated":true}]}}