{"version":"1.0","provider_name":"Informationsseite und Seelsorgeeinheit","provider_url":"https:\/\/www.kirche-sdh.de\/side","author_name":"Dirscherl","author_url":"https:\/\/www.kirche-sdh.de\/side\/author\/kirchesdh\/","title":"Taufe von Josef B\u00f6sl in D\u00f6fering - Informationsseite und Seelsorgeeinheit","type":"rich","width":600,"height":338,"html":"<blockquote class=\"wp-embedded-content\" data-secret=\"ceFqChW3nH\"><a href=\"https:\/\/www.kirche-sdh.de\/side\/taufe-von-josef-boesl-in-doefering\/\">Taufe von Josef B\u00f6sl in D\u00f6fering<\/a><\/blockquote><iframe sandbox=\"allow-scripts\" security=\"restricted\" src=\"https:\/\/www.kirche-sdh.de\/side\/taufe-von-josef-boesl-in-doefering\/embed\/#?secret=ceFqChW3nH\" width=\"600\" height=\"338\" title=\"&#8222;Taufe von Josef B\u00f6sl in D\u00f6fering&#8220; &#8211; Informationsseite und Seelsorgeeinheit\" data-secret=\"ceFqChW3nH\" frameborder=\"0\" marginwidth=\"0\" marginheight=\"0\" scrolling=\"no\" class=\"wp-embedded-content\"><\/iframe><script type=\"text\/javascript\">\n\/* <![CDATA[ *\/\n\/*! This file is auto-generated *\/\n!function(d,l){\"use strict\";l.querySelector&&d.addEventListener&&\"undefined\"!=typeof URL&&(d.wp=d.wp||{},d.wp.receiveEmbedMessage||(d.wp.receiveEmbedMessage=function(e){var t=e.data;if((t||t.secret||t.message||t.value)&&!\/[^a-zA-Z0-9]\/.test(t.secret)){for(var s,r,n,a=l.querySelectorAll('iframe[data-secret=\"'+t.secret+'\"]'),o=l.querySelectorAll('blockquote[data-secret=\"'+t.secret+'\"]'),c=new RegExp(\"^https?:$\",\"i\"),i=0;i<o.length;i++)o[i].style.display=\"none\";for(i=0;i<a.length;i++)s=a[i],e.source===s.contentWindow&&(s.removeAttribute(\"style\"),\"height\"===t.message?(1e3<(r=parseInt(t.value,10))?r=1e3:~~r<200&&(r=200),s.height=r):\"link\"===t.message&&(r=new URL(s.getAttribute(\"src\")),n=new URL(t.value),c.test(n.protocol))&&n.host===r.host&&l.activeElement===s&&(d.top.location.href=t.value))}},d.addEventListener(\"message\",d.wp.receiveEmbedMessage,!1),l.addEventListener(\"DOMContentLoaded\",function(){for(var e,t,s=l.querySelectorAll(\"iframe.wp-embedded-content\"),r=0;r<s.length;r++)(t=(e=s[r]).getAttribute(\"data-secret\"))||(t=Math.random().toString(36).substring(2,12),e.src+=\"#?secret=\"+t,e.setAttribute(\"data-secret\",t)),e.contentWindow.postMessage({message:\"ready\",secret:t},\"*\")},!1)))}(window,document);\n\/\/# sourceURL=https:\/\/www.kirche-sdh.de\/side\/wp-includes\/js\/wp-embed.min.js\n\/* ]]> *\/\n<\/script>\n","thumbnail_url":"https:\/\/www.kirche-sdh.de\/side\/wp-content\/uploads\/2020\/10\/P1370774.jpg","thumbnail_width":1600,"thumbnail_height":1200,"description":"Josef B\u00f6sl in D\u00f6fering getauft Am Ernte Dank Fest wurde Josef B\u00f6sl in der Kirche St. \u00c4gidius in D\u00f6fering getauft. \u00a0Josef ist das erste Kind der Eheleute Josef und Theresa B\u00f6sl die vor zwei Jahren an gleicher Stelle geheiratet hatten. Der gew\u00e4hlte Termin an Ernte Dank passt sehr gut f\u00fcr [&hellip;]"}