{"version":"1.0","provider_name":"Informationsseite und Seelsorgeeinheit","provider_url":"https:\/\/www.kirche-sdh.de\/side","author_name":"Dirscherl","author_url":"https:\/\/www.kirche-sdh.de\/side\/author\/kirchesdh\/","title":"Erstkommunion in D\u00f6fering - Informationsseite und Seelsorgeeinheit","type":"rich","width":600,"height":338,"html":"<blockquote class=\"wp-embedded-content\" data-secret=\"Lu4PMeCufO\"><a href=\"https:\/\/www.kirche-sdh.de\/side\/erstkommunion-in-doefering-2\/\">Erstkommunion in D\u00f6fering<\/a><\/blockquote><iframe sandbox=\"allow-scripts\" security=\"restricted\" src=\"https:\/\/www.kirche-sdh.de\/side\/erstkommunion-in-doefering-2\/embed\/#?secret=Lu4PMeCufO\" width=\"600\" height=\"338\" title=\"&#8222;Erstkommunion in D\u00f6fering&#8220; &#8211; Informationsseite und Seelsorgeeinheit\" data-secret=\"Lu4PMeCufO\" frameborder=\"0\" marginwidth=\"0\" marginheight=\"0\" scrolling=\"no\" class=\"wp-embedded-content\"><\/iframe><script type=\"text\/javascript\">\n\/* <![CDATA[ *\/\n\/*! This file is auto-generated *\/\n!function(d,l){\"use strict\";l.querySelector&&d.addEventListener&&\"undefined\"!=typeof URL&&(d.wp=d.wp||{},d.wp.receiveEmbedMessage||(d.wp.receiveEmbedMessage=function(e){var t=e.data;if((t||t.secret||t.message||t.value)&&!\/[^a-zA-Z0-9]\/.test(t.secret)){for(var s,r,n,a=l.querySelectorAll('iframe[data-secret=\"'+t.secret+'\"]'),o=l.querySelectorAll('blockquote[data-secret=\"'+t.secret+'\"]'),c=new RegExp(\"^https?:$\",\"i\"),i=0;i<o.length;i++)o[i].style.display=\"none\";for(i=0;i<a.length;i++)s=a[i],e.source===s.contentWindow&&(s.removeAttribute(\"style\"),\"height\"===t.message?(1e3<(r=parseInt(t.value,10))?r=1e3:~~r<200&&(r=200),s.height=r):\"link\"===t.message&&(r=new URL(s.getAttribute(\"src\")),n=new URL(t.value),c.test(n.protocol))&&n.host===r.host&&l.activeElement===s&&(d.top.location.href=t.value))}},d.addEventListener(\"message\",d.wp.receiveEmbedMessage,!1),l.addEventListener(\"DOMContentLoaded\",function(){for(var e,t,s=l.querySelectorAll(\"iframe.wp-embedded-content\"),r=0;r<s.length;r++)(t=(e=s[r]).getAttribute(\"data-secret\"))||(t=Math.random().toString(36).substring(2,12),e.src+=\"#?secret=\"+t,e.setAttribute(\"data-secret\",t)),e.contentWindow.postMessage({message:\"ready\",secret:t},\"*\")},!1)))}(window,document);\n\/\/# sourceURL=https:\/\/www.kirche-sdh.de\/side\/wp-includes\/js\/wp-embed.min.js\n\/* ]]> *\/\n<\/script>\n","thumbnail_url":"https:\/\/www.kirche-sdh.de\/side\/wp-content\/uploads\/P1380240-scaled.jpg","thumbnail_width":2560,"thumbnail_height":1920,"description":"&nbsp; D\u00f6fering feiert Erstkommunion am Kirchweihfest \u00a0 Die Pfarrei D\u00f6fering nutze das Kirchweihfest f\u00fcr die Feier der Heiligen Erstkommunion. Coronabedingt war der Termin leider in den Herbst gerutscht. F\u00fcr Johannes Hausladen, Julia Dirnberger, Luis Mauerer war nun aber nach l\u00e4ngerer Vorbereitungszeit der gro\u00dfe Tag gekommen. Pfarrer Alfons Eder nutzte das [&hellip;]"}